{"id":231,"date":"2023-07-16T19:49:54","date_gmt":"2023-07-16T17:49:54","guid":{"rendered":"https:\/\/www.nds.armentierois.fr\/?page_id=231"},"modified":"2023-08-11T14:17:48","modified_gmt":"2023-08-11T12:17:48","slug":"12eme-station-jesus-meurt-sur-la-croix","status":"publish","type":"page","link":"https:\/\/louis.armentierois.fr\/index.php\/12eme-station-jesus-meurt-sur-la-croix\/","title":{"rendered":"12\u00e8me station, J\u00e9sus meurt sur la croix"},"content":{"rendered":"\n<p class=\"has-light-green-cyan-background-color has-background\">De l\u2019Evangile selon Luc (<em>Lc<\/em>&nbsp;23, 44-47)<\/p>\n\n\n\n<p class=\"has-light-green-cyan-background-color has-background\"><em>C\u2019\u00e9tait d\u00e9j\u00e0 environ la sixi\u00e8me heure (c\u2019est-\u00e0-dire&nbsp;: midi)&nbsp;; l\u2019obscurit\u00e9 se fit sur toute la terre jusqu\u2019\u00e0 la neuvi\u00e8me heure, car le soleil s\u2019\u00e9tait cach\u00e9. Le rideau du Sanctuaire se d\u00e9chira par le milieu. Alors J\u00e9sus poussa un grand cri&nbsp;: \u00ab&nbsp;P\u00e8re, entre tes mains je remets mon esprit&nbsp;\u00bb. Et apr\u00e8s avoir dit cela, il expira. A la vue de ce qui s\u2019\u00e9tait pass\u00e9, le centurion rendit gloire \u00e0 Dieu&nbsp;: \u00ab\u00a0Celui-ci \u00e9tait r\u00e9ellement un homme juste<\/em>&nbsp;\u00bb.<\/p>\n\n\n\n<p><strong><em>On peut se recueillir en silence, se mettre \u00e0 genou.<\/em><\/strong><\/p>\n\n\n\n<figure class=\"wp-block-image size-large\"><img loading=\"lazy\" decoding=\"async\" width=\"640\" height=\"853\" src=\"https:\/\/i0.wp.com\/louis.armentierois.fr\/wp-content\/uploads\/2023\/08\/img_2231-2.jpg?resize=640%2C853&#038;ssl=1\" alt=\"\" class=\"wp-image-898\" srcset=\"https:\/\/i0.wp.com\/louis.armentierois.fr\/wp-content\/uploads\/2023\/08\/img_2231-2-scaled.jpg?resize=768%2C1024&amp;ssl=1 768w, https:\/\/i0.wp.com\/louis.armentierois.fr\/wp-content\/uploads\/2023\/08\/img_2231-2-scaled.jpg?resize=225%2C300&amp;ssl=1 225w, https:\/\/i0.wp.com\/louis.armentierois.fr\/wp-content\/uploads\/2023\/08\/img_2231-2-scaled.jpg?resize=1152%2C1536&amp;ssl=1 1152w, https:\/\/i0.wp.com\/louis.armentierois.fr\/wp-content\/uploads\/2023\/08\/img_2231-2-scaled.jpg?resize=1536%2C2048&amp;ssl=1 1536w, https:\/\/i0.wp.com\/louis.armentierois.fr\/wp-content\/uploads\/2023\/08\/img_2231-2-scaled.jpg?w=1920&amp;ssl=1 1920w, https:\/\/i0.wp.com\/louis.armentierois.fr\/wp-content\/uploads\/2023\/08\/img_2231-2-scaled.jpg?w=1280&amp;ssl=1 1280w\" sizes=\"auto, (max-width: 640px) 100vw, 640px\" data-recalc-dims=\"1\" \/><figcaption class=\"wp-element-caption\">J\u00e9sus meurt en croix<\/figcaption><\/figure>\n\n\n\n<p>Je te vois, J\u00e9sus, et cette fois je ne voudrais pas te voir. Tu vas mourir. Tu \u00e9tais beau \u00e0 regarder quand tu parlais aux foules, mais maintenant tout est fini. Et, je ne veux pas voir la fin&nbsp;; tant de fois j\u2019ai tourn\u00e9 le regard de l\u2019autre c\u00f4t\u00e9, je me suis presqu\u2019habitu\u00e9 \u00e0 fuir la souffrance et la mort, je me suis anesth\u00e9si\u00e9.<\/p>\n\n\n\n<p>Ton cri sur la croix est fort, d\u00e9chirant&nbsp;: nous n\u2019\u00e9tions pas pr\u00e9par\u00e9s \u00e0 tant de souffrance, nous ne le sommes pas, nous ne le serons jamais. Nous fuyons d\u2019instinct, en proie \u00e0 la panique, face \u00e0 la mort et \u00e0 la souffrance, nous les refusons, nous pr\u00e9f\u00e9rons regarder ailleurs ou fermer les yeux. Au contraire, toi, tu restes l\u00e0 sur la croix, tu nous attends les bras ouverts, en nous ouvrant les yeux.<\/p>\n\n\n\n<p>C\u2019est un grand myst\u00e8re, J\u00e9sus&nbsp;: tu nous aimes en mourant, en \u00e9tant abandonn\u00e9, en donnant ton esprit, en accomplissant la volont\u00e9 du P\u00e8re, en te retirant. Tu restes sur la croix tout simplement. Tu n\u2019essaies pas d\u2019expliquer le myst\u00e8re de la mort&nbsp;; dans l\u2019accomplissement de toutes choses, tu fais davantage&nbsp;: tu l\u2019as travers\u00e9 avec tout ton corps et tout ton esprit. Un grand myst\u00e8re, qui continue \u00e0 nous interroger et \u00e0 nous inqui\u00e9ter&nbsp;; il nous d\u00e9fie, il nous invite \u00e0 ouvrir les yeux, \u00e0 savoir voir ton amour m\u00eame dans la mort, ou mieux \u00e0 partir vraiment de la mort. C\u2019est l\u00e0 que tu nous as aim\u00e9s&nbsp;: dans notre condition la plus vraie, incontournable et in\u00e9vitable. C\u2019est l\u00e0 que nous saisissons, bien que ce soit encore de mani\u00e8re imparfaite, ta pr\u00e9sence vivante et authentique. De cela, toujours, nous aurons soif&nbsp;: de ta proximit\u00e9, que tu sois Dieu avec nous.<\/p>\n\n\n\n<p class=\"has-very-light-gray-to-cyan-bluish-gray-gradient-background has-background\">Je te prie, Seigneur, ouvre mes yeux,<br \/>que je te voie m\u00eame dans les souffrances,<br \/>dans la mort, dans la fin qui n\u2019est pas la vraie fin.<br \/>D\u00e9range mon indiff\u00e9rence avec ta croix, secoue ma torpeur.<br \/>Interroge-moi toujours avec ton myst\u00e8re bouleversant,<br \/>qui d\u00e9passe la mort et donne la vie.<\/p>\n\n\n\n<p class=\"has-very-light-gray-to-cyan-bluish-gray-gradient-background has-background\">On peut prier en silence puis dire le Notre P\u00e8re<\/p>\n","protected":false},"excerpt":{"rendered":"<p>De l\u2019Evangile selon Luc (Lc&nbsp;23, 44-47) C\u2019\u00e9tait d\u00e9j\u00e0 environ la sixi\u00e8me heure (c\u2019est-\u00e0-dire&nbsp;: midi)&nbsp;; l\u2019obscurit\u00e9 se fit sur toute la &hellip; <\/p>\n","protected":false},"author":1,"featured_media":898,"parent":0,"menu_order":0,"comment_status":"closed","ping_status":"closed","template":"","meta":{"footnotes":""},"class_list":["post-231","page","type-page","status-publish","has-post-thumbnail","hentry"],"jetpack_sharing_enabled":true,"_links":{"self":[{"href":"https:\/\/louis.armentierois.fr\/index.php\/wp-json\/wp\/v2\/pages\/231","targetHints":{"allow":["GET"]}}],"collection":[{"href":"https:\/\/louis.armentierois.fr\/index.php\/wp-json\/wp\/v2\/pages"}],"about":[{"href":"https:\/\/louis.armentierois.fr\/index.php\/wp-json\/wp\/v2\/types\/page"}],"author":[{"embeddable":true,"href":"https:\/\/louis.armentierois.fr\/index.php\/wp-json\/wp\/v2\/users\/1"}],"replies":[{"embeddable":true,"href":"https:\/\/louis.armentierois.fr\/index.php\/wp-json\/wp\/v2\/comments?post=231"}],"version-history":[{"count":3,"href":"https:\/\/louis.armentierois.fr\/index.php\/wp-json\/wp\/v2\/pages\/231\/revisions"}],"predecessor-version":[{"id":952,"href":"https:\/\/louis.armentierois.fr\/index.php\/wp-json\/wp\/v2\/pages\/231\/revisions\/952"}],"wp:featuredmedia":[{"embeddable":true,"href":"https:\/\/louis.armentierois.fr\/index.php\/wp-json\/wp\/v2\/media\/898"}],"wp:attachment":[{"href":"https:\/\/louis.armentierois.fr\/index.php\/wp-json\/wp\/v2\/media?parent=231"}],"curies":[{"name":"wp","href":"https:\/\/api.w.org\/{rel}","templated":true}]}}